{"id":30638,"date":"2024-05-07T15:30:39","date_gmt":"2024-05-07T14:30:39","guid":{"rendered":"https:\/\/glazbena.hr\/?page_id=30638"},"modified":"2025-07-14T13:28:16","modified_gmt":"2025-07-14T12:28:16","slug":"pretprijave-za-upis-u-predskolske-programe","status":"publish","type":"page","link":"https:\/\/glazbena.hr\/gb\/pretprijave-za-upis-u-predskolske-programe\/","title":{"rendered":"Pretprijave za upis u pred\u0161kolske programe &#8211; jesenski upisni rok"},"content":{"rendered":"<p>U pred\u0161kolske programe upisuju se, u pravilu, djeca s najmanje \u010detiri (4), a najvi\u0161e sedam (7) godina starosti.<\/p>\n<p>U Glazbenoj \u0161koli u Vara\u017edinu na jesenskom upisnom roku mogu\u0107e je upisati sljede\u0107e pred\u0161kolske programe \u2013 Dje\u010dji zbor pred\u0161kolskog uzrasta, Po\u010detni\u010dki solfeggio, Malu \u0161kolu blok flaute, Malu \u0161kolu klavira i Malu \u0161kolu violon\u010dela.<\/p>\n<p>Za jesenski upisni rok <em><strong>pretprijave \u0107e biti otvorene od 14. srpnja 2025. do 14. kolovoza 2025. godine.<\/strong><\/em> Po zavr\u0161etku pretprijava svi roditelji\/skrbnici bit \u0107e kontaktirani u vezi dogovora to\u010dnog termina prijemne audicije koja \u0107e se odr\u017eati 20. kolovoza 2025. godine.<\/p>\n<p>Molimo sve prijavljene kandidate da prijavnicu za audiciju donesu na prijemnu audiciju.<\/p>\n<p><a href=\"https:\/\/glazbena.hr\/wp-content\/uploads\/2025\/07\/Slobodna-upisna-mjesta-za-jesenski-upisni-rok-predskolski-programi-sk.-god.-2025.2026.pdf\" target=\"_blank\" rel=\"noopener\">Slobodna upisna mjesta za jesenski upisni rok &#8211; pred\u0161kolski programi &#8211; \u0161k. god. 2025.2026.<\/a><\/p>\n<p><a href=\"https:\/\/glazbena.hr\/wp-content\/uploads\/2025\/07\/Pravilnik-o-organizaciji-i-provodenju-prijemne-audicije-za-upis-kandidata-u-predskolske-programe-od-9.5.2023.-2.pdf\" target=\"_blank\" rel=\"noopener\">Pravilnik o organizaciji i provo\u0111enju prijemne audicije za upis kandidata u pred\u0161kolske programe od 9.5.2023.<\/a><\/p>\n<p><a href=\"https:\/\/glazbena.hr\/wp-content\/uploads\/2025\/07\/Izmjene-i-dopune-Pravilnika-o-organizaciji-i-provodenju-prijemne-audicije-predsk.-programi-od-3.6.2025.pdf\" target=\"_blank\" rel=\"noopener\">Izmjene i dopune Pravilnika o organizaciji i provo\u0111enju prijemne audicije &#8211; pred\u0161k. programi od 3.6.2025.<\/a><\/p>\n<p><a href=\"https:\/\/glazbena.hr\/wp-content\/uploads\/2025\/07\/PRIJAVNICA-za-AUDICIJU-predskolski-programi-1.pdf\" target=\"_blank\" rel=\"noopener\">PRIJAVNICA-za-AUDICIJU-pred\u0161kolski programi<\/a><\/p>\n<p><a href=\"https:\/\/glazbena.hr\/wp-content\/uploads\/2025\/07\/Odluka-o-visini-participacije-male-glazbene-skole-u-sk.-god.-2025.2026.pdf\" target=\"_blank\" rel=\"noopener\">Odluka o visini participacije &#8211; male glazbene \u0161kole u \u0161k. god. 2025.2026<\/a><\/p>\n<p><a href=\"https:\/\/glazbena.hr\/wp-content\/uploads\/2025\/07\/Odluka-o-visini-participacije-pocetnicki-solfeggio-i-djecji-zbor-u-sk.-god.-2025.2026.pdf\" target=\"_blank\" rel=\"noopener\">Odluka o visini participacije &#8211; po\u010detni\u010dki solfeggio i dje\u010dji zbor u \u0161k. god. 2025.2026<\/a><\/p>\n<p><a href=\"https:\/\/glazbena.hr\/wp-content\/uploads\/2025\/07\/Natjecaj-za-upis-polaznika-predskolskih-programa-u-sk.-god.-2025.2026.-2.pdf\" target=\"_blank\" rel=\"noopener\">Natje\u010daj za upis polaznika pred\u0161kolskih programa u \u0161k. god. 2025.2026.<\/a><\/p>\n<p>&nbsp;<\/p>\n\n<div class=\"wpcf7 no-js\" id=\"wpcf7-f6460-o1\" lang=\"en-US\" dir=\"ltr\" data-wpcf7-id=\"6460\">\n<div class=\"screen-reader-response\"><p role=\"status\" aria-live=\"polite\" aria-atomic=\"true\"><\/p> <ul><\/ul><\/div>\n<form action=\"\/gb\/wp-json\/wp\/v2\/pages\/30638#wpcf7-f6460-o1\" method=\"post\" class=\"wpcf7-form init\" aria-label=\"Contact form\" novalidate=\"novalidate\" data-status=\"init\">\n<fieldset class=\"hidden-fields-container\"><input type=\"hidden\" name=\"_wpcf7\" value=\"6460\" \/><input type=\"hidden\" name=\"_wpcf7_version\" value=\"6.1.1\" \/><input type=\"hidden\" name=\"_wpcf7_locale\" value=\"en_US\" \/><input type=\"hidden\" name=\"_wpcf7_unit_tag\" value=\"wpcf7-f6460-o1\" \/><input type=\"hidden\" name=\"_wpcf7_container_post\" value=\"0\" \/><input type=\"hidden\" name=\"_wpcf7_posted_data_hash\" value=\"\" \/><input type=\"hidden\" name=\"_wpcf7_recaptcha_response\" value=\"\" \/>\n<\/fieldset>\n<style>\ninput[type=\"checkbox\"] { display: inline-block !important; } \nspan.wpcf7-list-item { margin: 0; }\nh1, h2, p, hr { margin-bottom: 40px !important; }\ninput { text-transform: inherit !important; }\n<\/style>\n<h1>Pretprijava za pred\u0161kolske programe Glazbene \u0161kole u Vara\u017edinu\n<\/h1>\n<p>Odaberite program: <span class=\"wpcf7-form-control-wrap\" data-name=\"program\"><select class=\"wpcf7-form-control wpcf7-select wpcf7-validates-as-required\" aria-required=\"true\" aria-invalid=\"false\" name=\"program\"><option value=\"\"><\/option><option value=\"Po\u010detni\u010dki solfeggio\">Po\u010detni\u010dki solfeggio<\/option><option value=\"Pred\u0161kolski zbor\">Pred\u0161kolski zbor<\/option><\/select><\/span>\n<\/p>\n<h2>Podaci o u\u010deniku\n<\/h2>\n<p>Ime i prezime: <span class=\"wpcf7-form-control-wrap\" data-name=\"ime\"><input size=\"40\" maxlength=\"400\" class=\"wpcf7-form-control wpcf7-text wpcf7-validates-as-required\" aria-required=\"true\" aria-invalid=\"false\" value=\"\" type=\"text\" name=\"ime\" \/><\/span>\n<\/p>\n<p>Datum ro\u0111enja: <span class=\"wpcf7-form-control-wrap\" data-name=\"datum-rodjenja\"><input size=\"40\" maxlength=\"400\" class=\"wpcf7-form-control wpcf7-text wpcf7-validates-as-required\" aria-required=\"true\" aria-invalid=\"false\" value=\"\" type=\"text\" name=\"datum-rodjenja\" \/><\/span>\n<\/p>\n<p>Mjesto i dr\u017eava ro\u0111enja: <span class=\"wpcf7-form-control-wrap\" data-name=\"mjesto_rodenja\"><input size=\"40\" maxlength=\"400\" class=\"wpcf7-form-control wpcf7-text wpcf7-validates-as-required\" aria-required=\"true\" aria-invalid=\"false\" value=\"\" type=\"text\" name=\"mjesto_rodenja\" \/><\/span>\n<\/p>\n<p>Adresa: <span class=\"wpcf7-form-control-wrap\" data-name=\"adresa\"><input size=\"40\" maxlength=\"400\" class=\"wpcf7-form-control wpcf7-text wpcf7-validates-as-required\" aria-required=\"true\" aria-invalid=\"false\" value=\"\" type=\"text\" name=\"adresa\" \/><\/span>\n<\/p>\n<p>OIB: <span class=\"wpcf7-form-control-wrap\" data-name=\"OIB\"><input size=\"40\" maxlength=\"400\" class=\"wpcf7-form-control wpcf7-text wpcf7-validates-as-required\" aria-required=\"true\" aria-invalid=\"false\" value=\"\" type=\"text\" name=\"OIB\" \/><\/span>\n<\/p>\n<h2>Podaci o roditelju\/skrbniku\n<\/h2>\n<p>Ime i prezime: <span class=\"wpcf7-form-control-wrap\" data-name=\"ime_roditelja\"><input size=\"40\" maxlength=\"400\" class=\"wpcf7-form-control wpcf7-text wpcf7-validates-as-required\" aria-required=\"true\" aria-invalid=\"false\" value=\"\" type=\"text\" name=\"ime_roditelja\" \/><\/span>\n<\/p>\n<p>E-mail: <span class=\"wpcf7-form-control-wrap\" data-name=\"your-email\"><input size=\"40\" maxlength=\"400\" class=\"wpcf7-form-control wpcf7-email wpcf7-validates-as-required wpcf7-text wpcf7-validates-as-email\" aria-required=\"true\" aria-invalid=\"false\" value=\"\" type=\"email\" name=\"your-email\" \/><\/span>\n<\/p>\n<p>Broj mobitela\/kontakt telefon: <span class=\"wpcf7-form-control-wrap\" data-name=\"mobitel\"><input size=\"40\" maxlength=\"400\" class=\"wpcf7-form-control wpcf7-text\" aria-invalid=\"false\" value=\"\" type=\"text\" name=\"mobitel\" \/><\/span>\n<\/p>\n<p><span class=\"wpcf7-form-control-wrap\" data-name=\"suglasnost1\"><span class=\"wpcf7-form-control wpcf7-acceptance\"><span class=\"wpcf7-list-item\"><label><input type=\"checkbox\" name=\"suglasnost1\" value=\"1\" aria-invalid=\"false\" \/><span class=\"wpcf7-list-item-label\">Dajem suglasnost Glazbenoj \u0161koli u Vara\u017edinu za prikupljanje, provjeru i obradu osobnih podataka djeteta u svrhu predbilje\u017ebe i upisa u Glazbenu \u0161kolu u Vara\u017edinu u \u0161k. god. 2025.\/2026. sukladno Zakonu o provedbi Op\u0107e uredbe o za\u0161titi podataka (NN 42\/18) kojim se osigurava provedba Uredbe (EU) 2016\/679 Europskog parlamenta i Vije\u0107a od 27.04.2016. o za\u0161titi pojedinaca u vezi s obradom osobnih podataka.<\/span><\/label><\/span><\/span><\/span>\n<\/p>\n<p><span class=\"wpcf7-form-control-wrap\" data-name=\"suglasnost2\"><span class=\"wpcf7-form-control wpcf7-acceptance\"><span class=\"wpcf7-list-item\"><label><input type=\"checkbox\" name=\"suglasnost2\" value=\"1\" aria-invalid=\"false\" \/><span class=\"wpcf7-list-item-label\">Suglasan\/suglasna sam da \u0160kola mo\u017ee provjeriti to\u010dnost mojih podataka u Ministarstvu uprave.<\/span><\/label><\/span><\/span><\/span>\n<\/p>\n<span class=\"wpcf7-form-control-wrap recaptcha\" data-name=\"recaptcha\"><span data-sitekey=\"6Lfjz7UUAAAAAP0PjFdAnzhPA1TQ9SR3lvs5d4Z2\" class=\"wpcf7-form-control wpcf7-recaptcha g-recaptcha\"><\/span>\r\n<noscript>\r\n\t<div class=\"grecaptcha-noscript\">\r\n\t\t<iframe loading=\"lazy\" src=\"https:\/\/www.google.com\/recaptcha\/api\/fallback?k=6Lfjz7UUAAAAAP0PjFdAnzhPA1TQ9SR3lvs5d4Z2\" frameborder=\"0\" scrolling=\"no\" width=\"310\" height=\"430\">\r\n\t\t<\/iframe>\r\n\t\t<textarea name=\"g-recaptcha-response\" rows=\"3\" cols=\"40\" placeholder=\"reCaptcha Response Here\">\r\n\t\t<\/textarea>\r\n\t<\/div>\r\n<\/noscript>\r\n<\/span>\n<p>&nbsp;\n<\/p>\n<p><input class=\"wpcf7-form-control wpcf7-submit has-spinner forma8\" type=\"submit\" value=\"Po\u0161alji\/Send\" \/>\n<\/p><div class=\"wpcf7-response-output\" aria-hidden=\"true\"><\/div>\n<\/form>\n<\/div>\n\n<p>&nbsp;<\/p>\n<p>&nbsp;<\/p>\n<p>&nbsp;<\/p>\n<p>&nbsp;<\/p>\n<p>&nbsp;<\/p>\n","protected":false},"excerpt":{"rendered":"<p>U pred\u0161kolske programe upisuju se, u pravilu, djeca s najmanje \u010detiri (4), a najvi\u0161e sedam (7) godina starosti. U Glazbenoj \u0161koli u Vara\u017edinu na jesenskom upisnom roku mogu\u0107e je upisati sljede\u0107e pred\u0161kolske programe \u2013 Dje\u010dji zbor pred\u0161kolskog uzrasta, Po\u010detni\u010dki solfeggio, Malu \u0161kolu blok flaute, Malu \u0161kolu klavira i Malu \u0161kolu violon\u010dela. Za jesenski upisni rok [&hellip;]<\/p>\n","protected":false},"author":5,"featured_media":0,"parent":0,"menu_order":0,"comment_status":"closed","ping_status":"closed","template":"","meta":{"footnotes":""},"class_list":["post-30638","page","type-page","status-publish","hentry"],"translation":{"provider":"WPGlobus","version":"3.0.0","language":"gb","enabled_languages":["hr","gb"],"languages":{"hr":{"title":true,"content":true,"excerpt":false},"gb":{"title":false,"content":false,"excerpt":false}}},"_links":{"self":[{"href":"https:\/\/glazbena.hr\/gb\/wp-json\/wp\/v2\/pages\/30638","targetHints":{"allow":["GET"]}}],"collection":[{"href":"https:\/\/glazbena.hr\/gb\/wp-json\/wp\/v2\/pages"}],"about":[{"href":"https:\/\/glazbena.hr\/gb\/wp-json\/wp\/v2\/types\/page"}],"author":[{"embeddable":true,"href":"https:\/\/glazbena.hr\/gb\/wp-json\/wp\/v2\/users\/5"}],"replies":[{"embeddable":true,"href":"https:\/\/glazbena.hr\/gb\/wp-json\/wp\/v2\/comments?post=30638"}],"version-history":[{"count":18,"href":"https:\/\/glazbena.hr\/gb\/wp-json\/wp\/v2\/pages\/30638\/revisions"}],"predecessor-version":[{"id":39386,"href":"https:\/\/glazbena.hr\/gb\/wp-json\/wp\/v2\/pages\/30638\/revisions\/39386"}],"wp:attachment":[{"href":"https:\/\/glazbena.hr\/gb\/wp-json\/wp\/v2\/media?parent=30638"}],"curies":[{"name":"wp","href":"https:\/\/api.w.org\/{rel}","templated":true}]}}