{"id":937,"date":"2018-08-31T09:10:35","date_gmt":"2018-08-31T09:10:35","guid":{"rendered":"https:\/\/glazbena.hr\/wp\/?page_id=937"},"modified":"2019-10-21T09:45:12","modified_gmt":"2019-10-21T07:45:12","slug":"voditelj-odjela","status":"publish","type":"page","link":"https:\/\/glazbena.hr\/gb\/piano\/voditelj-odjela\/","title":{"rendered":"HEAD OF THE DEPARTMENT"},"content":{"rendered":"<p><strong>Ivana Godec \u2013 Vincekovi\u0107<\/strong><\/p>\n<p>Ivana Godec-Vincekovi\u0107 was born in Vara\u017edin, where she also completed her secondary education. She also attended secondary music school with piano as her major under Olimpija Vojvoda.\u00a0 Her tertiary education as a piano student started at the age of 17 at the Zagreb Academy of Music. She studied under Professor Vladimir Krpan and Professor \u0110or\u0111e Stanetti, and graduated with honours in 1995.<br \/>\nShe was also taught by Russian pianists Lubov Timofeyev and Naum Starkmann, and attended master classes given by numerous renowned educators.<br \/>\nAfter earning her university degree she started working at the Vara\u017edin School of Music, where she was appointed Head of the Piano Department in 2006.<br \/>\nHer students often perform at various concerts and recitals, playing as soloists accompanied by an orchestra or giving recitals, and continue their studies in music. They have won numerous awards at many national and international competitions, such as first prizes and special prizes at the following competitions: \u201cTribute to Jurica Murai\u201c in Vara\u017edin, \u201cZlatko Grgo\u0161evi\u0107\u201c in Sesvete, \u201cSonus\u201c in Kri\u017eevci, \u201cDavorin Jenko\u201c in Belgrade, \u201cChopin fest\u201c in Belgrade, \u201cPia Tebaldini\u201c in Brescia, \u201cMusica insieme\u201c in Musile di Piave, etc.<br \/>\nIvana Godec-Vincekovi\u0107 has also won a number of awards. Some of them are: an award given by the Rector of Zagreb University in 1995 (for piano duet concerts of the Zagreb Academy of Music held in Paris and Zagreb), the 1996 Darko Luki\u0107 award for best accompanist, exceptional teacher award (Premio didattico) of the Pia Tebaldini International Piano Competition in Brescia in 2010 and the 2010 Annual Award given by the Croatian Association of Music and Dance Pedagogues. In 2014 she was promoted as teacher trainer by the Education and Teacher Training Agency.<br \/>\nShe has taken part in the organisation of a number of professional meetings, seminars and competitions.<br \/>\nShe has served as secretary of the Tribute to Jurica Murai and Murai Grand Prix International Piano Competition since it was established. She was a member of the EPTA Croatia Steering Committee for many years.<br \/>\nShe serves as a juror at international piano competitions, such as \u201cKoro\u0161ko klavirsko tekmovanje\u201cin Slovenia where she has served as a juror since 2012.<br \/>\nAlong with her teaching career, she also gives recitals and works as an accompanist and collaborates with different types of artists.<\/p>\n","protected":false},"excerpt":{"rendered":"<p>Ivana Godec \u2013 Vincekovi\u0107 Ivana Godec-Vincekovi\u0107 was born in Vara\u017edin, where she also completed her secondary education. She also attended secondary music school with piano as her major under Olimpija Vojvoda.\u00a0 Her tertiary education as a piano student started at the age of 17 at the Zagreb Academy of Music. She studied under Professor Vladimir [&hellip;]<\/p>\n","protected":false},"author":5,"featured_media":108,"parent":934,"menu_order":0,"comment_status":"closed","ping_status":"closed","template":"","meta":{"footnotes":""},"class_list":["post-937","page","type-page","status-publish","has-post-thumbnail","hentry"],"translation":{"provider":"WPGlobus","version":"3.0.0","language":"gb","enabled_languages":["hr","gb"],"languages":{"hr":{"title":true,"content":true,"excerpt":false},"gb":{"title":true,"content":true,"excerpt":false}}},"_links":{"self":[{"href":"https:\/\/glazbena.hr\/gb\/wp-json\/wp\/v2\/pages\/937","targetHints":{"allow":["GET"]}}],"collection":[{"href":"https:\/\/glazbena.hr\/gb\/wp-json\/wp\/v2\/pages"}],"about":[{"href":"https:\/\/glazbena.hr\/gb\/wp-json\/wp\/v2\/types\/page"}],"author":[{"embeddable":true,"href":"https:\/\/glazbena.hr\/gb\/wp-json\/wp\/v2\/users\/5"}],"replies":[{"embeddable":true,"href":"https:\/\/glazbena.hr\/gb\/wp-json\/wp\/v2\/comments?post=937"}],"version-history":[{"count":0,"href":"https:\/\/glazbena.hr\/gb\/wp-json\/wp\/v2\/pages\/937\/revisions"}],"up":[{"embeddable":true,"href":"https:\/\/glazbena.hr\/gb\/wp-json\/wp\/v2\/pages\/934"}],"wp:featuredmedia":[{"embeddable":true,"href":"https:\/\/glazbena.hr\/gb\/wp-json\/wp\/v2\/media\/108"}],"wp:attachment":[{"href":"https:\/\/glazbena.hr\/gb\/wp-json\/wp\/v2\/media?parent=937"}],"curies":[{"name":"wp","href":"https:\/\/api.w.org\/{rel}","templated":true}]}}